{"id":10315,"date":"2023-08-28T17:49:48","date_gmt":"2023-08-28T17:49:48","guid":{"rendered":"https:\/\/micau.pt\/politica-de-privacidade-2\/"},"modified":"2023-08-28T18:50:11","modified_gmt":"2023-08-28T18:50:11","slug":"politica-de-privacidade-2","status":"publish","type":"page","link":"https:\/\/micau.pt\/pt-pt\/politica-de-privacidade-2\/","title":{"rendered":"Pol\u00edtica de Privacidade"},"content":{"rendered":"\t\t<div data-elementor-type=\"wp-page\" data-elementor-id=\"10315\" class=\"elementor elementor-10315 elementor-10302\" data-elementor-post-type=\"page\">\n\t\t\t\t\t\t<section class=\"elementor-section elementor-top-section elementor-element elementor-element-2867522 elementor-section-full_width elementor-section-height-min-height elementor-section-height-default elementor-section-items-middle\" data-id=\"2867522\" data-element_type=\"section\" data-settings=\"{&quot;jet_parallax_layout_list&quot;:[{&quot;jet_parallax_layout_image&quot;:{&quot;url&quot;:&quot;&quot;,&quot;id&quot;:&quot;&quot;,&quot;size&quot;:&quot;&quot;},&quot;_id&quot;:&quot;4669e14&quot;,&quot;jet_parallax_layout_speed&quot;:{&quot;unit&quot;:&quot;%&quot;,&quot;size&quot;:&quot;50&quot;,&quot;sizes&quot;:[]},&quot;jet_parallax_layout_bg_x&quot;:&quot;50&quot;,&quot;jet_parallax_layout_bg_y&quot;:&quot;50&quot;,&quot;jet_parallax_layout_image_tablet&quot;:{&quot;url&quot;:&quot;&quot;,&quot;id&quot;:&quot;&quot;,&quot;size&quot;:&quot;&quot;},&quot;jet_parallax_layout_image_mobile&quot;:{&quot;url&quot;:&quot;&quot;,&quot;id&quot;:&quot;&quot;,&quot;size&quot;:&quot;&quot;},&quot;jet_parallax_layout_type&quot;:&quot;scroll&quot;,&quot;jet_parallax_layout_direction&quot;:null,&quot;jet_parallax_layout_fx_direction&quot;:null,&quot;jet_parallax_layout_z_index&quot;:&quot;&quot;,&quot;jet_parallax_layout_bg_x_tablet&quot;:&quot;&quot;,&quot;jet_parallax_layout_bg_x_mobile&quot;:&quot;&quot;,&quot;jet_parallax_layout_bg_y_tablet&quot;:&quot;&quot;,&quot;jet_parallax_layout_bg_y_mobile&quot;:&quot;&quot;,&quot;jet_parallax_layout_bg_size&quot;:&quot;auto&quot;,&quot;jet_parallax_layout_bg_size_tablet&quot;:&quot;&quot;,&quot;jet_parallax_layout_bg_size_mobile&quot;:&quot;&quot;,&quot;jet_parallax_layout_animation_prop&quot;:&quot;transform&quot;,&quot;jet_parallax_layout_on&quot;:[&quot;desktop&quot;,&quot;tablet&quot;]}]}\">\n\t\t\t\t\t\t<div class=\"elementor-container elementor-column-gap-default\">\n\t\t\t\t\t<div class=\"elementor-column elementor-col-100 elementor-top-column elementor-element elementor-element-b0dce80\" data-id=\"b0dce80\" data-element_type=\"column\">\n\t\t\t<div class=\"elementor-widget-wrap elementor-element-populated\">\n\t\t\t\t\t\t<div class=\"elementor-element elementor-element-b8d8ae4 elementor-widget__width-initial elementor-absolute elementor-widget elementor-widget-raven-image\" data-id=\"b8d8ae4\" data-element_type=\"widget\" data-settings=\"{&quot;_position&quot;:&quot;absolute&quot;}\" data-widget_type=\"raven-image.default\">\n\t\t\t\t<div class=\"elementor-widget-container\">\n\t\t\t\t\t<div class=\"raven-image\">\n\t\t\n\t\t\n\t\t<img fetchpriority=\"high\" decoding=\"async\" width=\"1920\" height=\"755\" src=\"https:\/\/micau.pt\/wp-content\/uploads\/2020\/05\/home-banner-style-1.png\" class=\"attachment-full size-full wp-image-1599\" alt=\"\" srcset=\"https:\/\/micau.pt\/wp-content\/uploads\/2020\/05\/home-banner-style-1.png 1920w, https:\/\/micau.pt\/wp-content\/uploads\/2020\/05\/home-banner-style-1-300x118.png 300w, https:\/\/micau.pt\/wp-content\/uploads\/2020\/05\/home-banner-style-1-1024x403.png 1024w, https:\/\/micau.pt\/wp-content\/uploads\/2020\/05\/home-banner-style-1-768x302.png 768w, https:\/\/micau.pt\/wp-content\/uploads\/2020\/05\/home-banner-style-1-1536x604.png 1536w\" sizes=\"(max-width: 1920px) 100vw, 1920px\" \/>\t\t<\/div>\n\t\t\t\t<\/div>\n\t\t\t\t<\/div>\n\t\t\t\t\t<\/div>\n\t\t<\/div>\n\t\t\t\t\t<\/div>\n\t\t<\/section>\n\t\t\t\t<section class=\"elementor-section elementor-top-section elementor-element elementor-element-95937a3 elementor-section-full_width elementor-section-height-default elementor-section-height-default\" data-id=\"95937a3\" data-element_type=\"section\" data-settings=\"{&quot;jet_parallax_layout_list&quot;:[{&quot;jet_parallax_layout_image&quot;:{&quot;url&quot;:&quot;&quot;,&quot;id&quot;:&quot;&quot;,&quot;size&quot;:&quot;&quot;},&quot;_id&quot;:&quot;1408760&quot;,&quot;jet_parallax_layout_speed&quot;:{&quot;unit&quot;:&quot;%&quot;,&quot;size&quot;:&quot;50&quot;,&quot;sizes&quot;:[]},&quot;jet_parallax_layout_bg_x&quot;:&quot;50&quot;,&quot;jet_parallax_layout_bg_y&quot;:&quot;50&quot;,&quot;jet_parallax_layout_image_tablet&quot;:{&quot;url&quot;:&quot;&quot;,&quot;id&quot;:&quot;&quot;,&quot;size&quot;:&quot;&quot;},&quot;jet_parallax_layout_image_mobile&quot;:{&quot;url&quot;:&quot;&quot;,&quot;id&quot;:&quot;&quot;,&quot;size&quot;:&quot;&quot;},&quot;jet_parallax_layout_type&quot;:&quot;scroll&quot;,&quot;jet_parallax_layout_direction&quot;:null,&quot;jet_parallax_layout_fx_direction&quot;:null,&quot;jet_parallax_layout_z_index&quot;:&quot;&quot;,&quot;jet_parallax_layout_bg_x_tablet&quot;:&quot;&quot;,&quot;jet_parallax_layout_bg_x_mobile&quot;:&quot;&quot;,&quot;jet_parallax_layout_bg_y_tablet&quot;:&quot;&quot;,&quot;jet_parallax_layout_bg_y_mobile&quot;:&quot;&quot;,&quot;jet_parallax_layout_bg_size&quot;:&quot;auto&quot;,&quot;jet_parallax_layout_bg_size_tablet&quot;:&quot;&quot;,&quot;jet_parallax_layout_bg_size_mobile&quot;:&quot;&quot;,&quot;jet_parallax_layout_animation_prop&quot;:&quot;transform&quot;,&quot;jet_parallax_layout_on&quot;:[&quot;desktop&quot;,&quot;tablet&quot;]}]}\">\n\t\t\t\t\t\t<div class=\"elementor-container elementor-column-gap-default\">\n\t\t\t\t\t<div class=\"elementor-column elementor-col-100 elementor-top-column elementor-element elementor-element-3f4f256\" data-id=\"3f4f256\" data-element_type=\"column\">\n\t\t\t<div class=\"elementor-widget-wrap elementor-element-populated\">\n\t\t\t\t\t\t<div class=\"elementor-element elementor-element-e601efc elementor-align-center elementor-mobile-align-center elementor-tablet-align-center elementor-widget elementor-widget-raven-heading\" data-id=\"e601efc\" data-element_type=\"widget\" data-widget_type=\"raven-heading.default\">\n\t\t\t\t<div class=\"elementor-widget-container\">\n\t\t\t\t\t<div class=\"raven-widget-wrapper\"><h1 class=\"raven-heading raven-heading-h1\"><span class=\"raven-heading-title \"><span class=\"raven-heading-title-inner elementor-inline-editing \" data-text=\"Pol\u00edtica de privacidade\" data-elementor-setting-key=\"title\">Pol\u00edtica de privacidade<\/span><\/span><\/h1><\/div>\n\t\t\t\t<\/div>\n\t\t\t\t<\/div>\n\t\t\t\t\t<\/div>\n\t\t<\/div>\n\t\t\t\t\t<\/div>\n\t\t<\/section>\n\t\t\t\t<section class=\"elementor-section elementor-top-section elementor-element elementor-element-e04c2a8 elementor-section-boxed elementor-section-height-default elementor-section-height-default\" data-id=\"e04c2a8\" data-element_type=\"section\" data-settings=\"{&quot;jet_parallax_layout_list&quot;:[]}\">\n\t\t\t\t\t\t<div class=\"elementor-container elementor-column-gap-default\">\n\t\t\t\t\t<div class=\"elementor-column elementor-col-100 elementor-top-column elementor-element elementor-element-7e0d8ec\" data-id=\"7e0d8ec\" data-element_type=\"column\">\n\t\t\t<div class=\"elementor-widget-wrap elementor-element-populated\">\n\t\t\t\t\t\t<div class=\"elementor-element elementor-element-e0a5be1 elementor-widget elementor-widget-text-editor\" data-id=\"e0a5be1\" data-element_type=\"widget\" data-widget_type=\"text-editor.default\">\n\t\t\t\t<div class=\"elementor-widget-container\">\n\t\t\t\t\t\t\t<p><span style=\"font-weight: bold; color: #000000; font-family: 'Aref Ruqaa', sans-serif; font-size: 14px; white-space-collapse: preserve;\">O compromisso da Micau, S.A. com a prote\u00e7\u00e3o da privacidade\u00a0<\/span><br style=\"color: #000000; font-family: 'Aref Ruqaa', sans-serif; font-size: 14px; white-space-collapse: preserve;\" \/><br style=\"color: #000000; font-family: 'Aref Ruqaa', sans-serif; font-size: 14px; white-space-collapse: preserve;\" \/><span style=\"color: #000000; font-family: 'Aref Ruqaa', sans-serif; font-size: 14px; white-space-collapse: preserve;\"> A presente Pol\u00edtica serve para refletir a preocupa\u00e7\u00e3o da Micau, S.A. em proteger e garantir aos nossos clientes a correta utiliza\u00e7\u00e3o dos dados pessoais fornecidos, agindo de acordo com a legisla\u00e7\u00e3o e regulamenta\u00e7\u00e3o aplic\u00e1vel, nomeadamente o Regulamento (UE) 2016\/679 \u2013 Regulamento Geral de Prote\u00e7\u00e3o de Dados. . <\/span><br style=\"color: #000000; font-family: 'Aref Ruqaa', sans-serif; font-size: 14px; white-space-collapse: preserve;\" \/><br style=\"color: #000000; font-family: 'Aref Ruqaa', sans-serif; font-size: 14px; white-space-collapse: preserve;\" \/><br style=\"color: #000000; font-family: 'Aref Ruqaa', sans-serif; font-size: 14px; white-space-collapse: preserve;\" \/><span style=\"font-weight: bold; color: #000000; font-family: 'Aref Ruqaa', sans-serif; font-size: 14px; white-space-collapse: preserve;\">Qual \u00e9 o conceito de dados pessoais?<\/span><br style=\"color: #000000; font-family: 'Aref Ruqaa', sans-serif; font-size: 14px; white-space-collapse: preserve;\" \/><br style=\"color: #000000; font-family: 'Aref Ruqaa', sans-serif; font-size: 14px; white-space-collapse: preserve;\" \/><span style=\"color: #000000; font-family: 'Aref Ruqaa', sans-serif; font-size: 14px; white-space-collapse: preserve;\"> Qualquer informa\u00e7\u00e3o, de qualquer natureza e independentemente do seu suporte, incluindo som e imagem, relativa a uma pessoa singular identificada ou identific\u00e1vel; \u00c9 considerada identific\u00e1vel toda pessoa que possa ser identificada, direta ou indiretamente, nomeadamente por refer\u00eancia a um n\u00famero de identifica\u00e7\u00e3o ou a um ou mais fatores espec\u00edficos da sua identidade f\u00edsica, fisiol\u00f3gica, mental, econ\u00f3mica, cultural ou social. <\/span><br style=\"color: #000000; font-family: 'Aref Ruqaa', sans-serif; font-size: 14px; white-space-collapse: preserve;\" \/><br style=\"color: #000000; font-family: 'Aref Ruqaa', sans-serif; font-size: 14px; white-space-collapse: preserve;\" \/><br style=\"color: #000000; font-family: 'Aref Ruqaa', sans-serif; font-size: 14px; white-space-collapse: preserve;\" \/><span style=\"font-weight: bold; color: #000000; font-family: 'Aref Ruqaa', sans-serif; font-size: 14px; white-space-collapse: preserve;\">O que \u00e9 o tratamento de dados pessoais?<\/span><br style=\"color: #000000; font-family: 'Aref Ruqaa', sans-serif; font-size: 14px; white-space-collapse: preserve;\" \/><br style=\"color: #000000; font-family: 'Aref Ruqaa', sans-serif; font-size: 14px; white-space-collapse: preserve;\" \/><span style=\"color: #000000; font-family: 'Aref Ruqaa', sans-serif; font-size: 14px; white-space-collapse: preserve;\"> Qualquer opera\u00e7\u00e3o ou conjunto de opera\u00e7\u00f5es realizadas sobre dados pessoais, por meios autom\u00e1ticos ou n\u00e3o, tais como recolha, registo, organiza\u00e7\u00e3o, armazenamento, adapta\u00e7\u00e3o ou altera\u00e7\u00e3o, recupera\u00e7\u00e3o, consulta, utiliza\u00e7\u00e3o, divulga\u00e7\u00e3o por transmiss\u00e3o, difus\u00e3o ou outra forma de disponibiliza\u00e7\u00e3o, alinhamento ou combina\u00e7\u00e3o, bloqueio, apagamento ou destrui\u00e7\u00e3o. <\/span><br style=\"color: #000000; font-family: 'Aref Ruqaa', sans-serif; font-size: 14px; white-space-collapse: preserve;\" \/><br style=\"color: #000000; font-family: 'Aref Ruqaa', sans-serif; font-size: 14px; white-space-collapse: preserve;\" \/><br style=\"color: #000000; font-family: 'Aref Ruqaa', sans-serif; font-size: 14px; white-space-collapse: preserve;\" \/><span style=\"font-weight: bold; color: #000000; font-family: 'Aref Ruqaa', sans-serif; font-size: 14px; white-space-collapse: preserve;\">Que dados recolhemos e tratamos?<\/span><br style=\"color: #000000; font-family: 'Aref Ruqaa', sans-serif; font-size: 14px; white-space-collapse: preserve;\" \/><br style=\"color: #000000; font-family: 'Aref Ruqaa', sans-serif; font-size: 14px; white-space-collapse: preserve;\" \/><span style=\"color: #000000; font-family: 'Aref Ruqaa', sans-serif; font-size: 14px; white-space-collapse: preserve;\"> A informa\u00e7\u00e3o recolhida pela Micau inclui dados pessoais como nome, contacto telef\u00f3nico,wpml_nbsp endere\u00e7o de email, fornecidos pelos utilizadores do website.\u00a0 <\/span><br style=\"color: #000000; font-family: 'Aref Ruqaa', sans-serif; font-size: 14px; white-space-collapse: preserve;\" \/><br style=\"color: #000000; font-family: 'Aref Ruqaa', sans-serif; font-size: 14px; white-space-collapse: preserve;\" \/><br style=\"color: #000000; font-family: 'Aref Ruqaa', sans-serif; font-size: 14px; white-space-collapse: preserve;\" \/><span style=\"font-weight: bold; color: #000000; font-family: 'Aref Ruqaa', sans-serif; font-size: 14px; white-space-collapse: preserve;\">Quando e como recolhemos dados pessoais?<\/span><br style=\"color: #000000; font-family: 'Aref Ruqaa', sans-serif; font-size: 14px; white-space-collapse: preserve;\" \/><br style=\"color: #000000; font-family: 'Aref Ruqaa', sans-serif; font-size: 14px; white-space-collapse: preserve;\" \/><span style=\"color: #000000; font-family: 'Aref Ruqaa', sans-serif; font-size: 14px; white-space-collapse: preserve;\"> Esta Pol\u00edtica de Privacidade aplica-se \u00e0 recolha e tratamento de dados pessoais fornecidos pelos utilizadores atrav\u00e9s de email ouwpml_nbsp no momento do envio de formul\u00e1rios de contacto ou question\u00e1rios atrav\u00e9s do nosso website.\u00a0 <\/span><br style=\"color: #000000; font-family: 'Aref Ruqaa', sans-serif; font-size: 14px; white-space-collapse: preserve;\" \/><br style=\"color: #000000; font-family: 'Aref Ruqaa', sans-serif; font-size: 14px; white-space-collapse: preserve;\" \/><br style=\"color: #000000; font-family: 'Aref Ruqaa', sans-serif; font-size: 14px; white-space-collapse: preserve;\" \/><span style=\"font-weight: bold; color: #000000; font-family: 'Aref Ruqaa', sans-serif; font-size: 14px; white-space-collapse: preserve;\"> Durante quanto tempo conservamos os seus dados pessoais e qual a finalidade do tratamento dos mesmos?<\/span><br style=\"color: #000000; font-family: 'Aref Ruqaa', sans-serif; font-size: 14px; white-space-collapse: preserve;\" \/><br style=\"color: #000000; font-family: 'Aref Ruqaa', sans-serif; font-size: 14px; white-space-collapse: preserve;\" \/><span style=\"color: #000000; font-family: 'Aref Ruqaa', sans-serif; font-size: 14px; white-space-collapse: preserve;\"> Os dados ser\u00e3o armazenados e conservados apenas pelo per\u00edodo m\u00ednimo necess\u00e1rio ao cumprimento das finalidades para as quais foram recolhidos (gest\u00e3o de contactos, informa\u00e7\u00f5es, pedidos, reclama\u00e7\u00f5es, sugest\u00f5es). <\/span><br style=\"color: #000000; font-family: 'Aref Ruqaa', sans-serif; font-size: 14px; white-space-collapse: preserve;\" \/><br style=\"color: #000000; font-family: 'Aref Ruqaa', sans-serif; font-size: 14px; white-space-collapse: preserve;\" \/><br style=\"color: #000000; font-family: 'Aref Ruqaa', sans-serif; font-size: 14px; white-space-collapse: preserve;\" \/><span style=\"font-weight: bold; color: #000000; font-family: 'Aref Ruqaa', sans-serif; font-size: 14px; white-space-collapse: preserve;\">Altera\u00e7\u00e3o \u00e0 Pol\u00edtica de Privacidade<br \/><\/span><br style=\"color: #000000; font-family: 'Aref Ruqaa', sans-serif; font-size: 14px; white-space-collapse: preserve;\" \/><span style=\"color: #000000; font-family: 'Aref Ruqaa', sans-serif; font-size: 14px; white-space-collapse: preserve;\"> A presente Pol\u00edtica de Privacidade, que dever\u00e1 ler atentamente, poder\u00e1 ser alterada, considerando que as altera\u00e7\u00f5es produzem efeitos a partir da data da sua publica\u00e7\u00e3o neste site, com refer\u00eancia expressa \u00e0 data da atualiza\u00e7\u00e3o. <\/span><br style=\"color: #000000; font-family: 'Aref Ruqaa', sans-serif; font-size: 14px; white-space-collapse: preserve;\" \/><br style=\"color: #000000; font-family: 'Aref Ruqaa', sans-serif; font-size: 14px; white-space-collapse: preserve;\" \/><br style=\"color: #000000; font-family: 'Aref Ruqaa', sans-serif; font-size: 14px; white-space-collapse: preserve;\" \/><br style=\"color: #000000; font-family: 'Aref Ruqaa', sans-serif; font-size: 14px; white-space-collapse: preserve;\" \/><span style=\"color: #000000; font-family: 'Aref Ruqaa', sans-serif; font-size: 14px; white-space-collapse: preserve;\">Odivelas, Maio 2023<\/span><br style=\"color: #000000; font-family: 'Aref Ruqaa', sans-serif; font-size: 14px; white-space-collapse: preserve;\" \/><br style=\"color: #000000; font-family: 'Aref Ruqaa', sans-serif; font-size: 14px; white-space-collapse: preserve;\" \/><br style=\"color: #000000; font-family: 'Aref Ruqaa', sans-serif; font-size: 14px; white-space-collapse: preserve;\" \/><br \/><\/p>\t\t\t\t\t\t<\/div>\n\t\t\t\t<\/div>\n\t\t\t\t\t<\/div>\n\t\t<\/div>\n\t\t\t\t\t<\/div>\n\t\t<\/section>\n\t\t\t\t<\/div>\n\t\t","protected":false},"excerpt":{"rendered":"<p>Pol\u00edtica de privacidade O compromisso da Micau, S.A. com a prote\u00e7\u00e3o da privacidade\u00a0 A presente Pol\u00edtica serve para refletir a preocupa\u00e7\u00e3o da Micau, S.A. em proteger e garantir aos nossos clientes a correta utiliza\u00e7\u00e3o dos dados pessoais fornecidos, agindo de acordo com a legisla\u00e7\u00e3o e regulamenta\u00e7\u00e3o aplic\u00e1vel, nomeadamente o Regulamento (UE) 2016\/679 \u2013 Regulamento Geral [&hellip;]<\/p>\n","protected":false},"author":4,"featured_media":0,"parent":0,"menu_order":0,"comment_status":"closed","ping_status":"closed","template":"elementor_header_footer","meta":{"_acf_changed":false,"_monsterinsights_skip_tracking":false,"_monsterinsights_sitenote_active":false,"_monsterinsights_sitenote_note":"","_monsterinsights_sitenote_category":0,"footnotes":""},"class_list":["post-10315","page","type-page","status-publish","hentry"],"acf":[],"yoast_head":"<!-- This site is optimized with the Yoast SEO plugin v20.13 - https:\/\/yoast.com\/wordpress\/plugins\/seo\/ -->\n<title>Pol\u00edtica de Privacidade - Micau<\/title>\n<meta name=\"robots\" content=\"index, follow, max-snippet:-1, max-image-preview:large, max-video-preview:-1\" \/>\n<link rel=\"canonical\" href=\"https:\/\/micau.pt\/pt-pt\/politica-de-privacidade-2\/\" \/>\n<meta property=\"og:locale\" content=\"pt_PT\" \/>\n<meta property=\"og:type\" content=\"article\" \/>\n<meta property=\"og:title\" content=\"Pol\u00edtica de Privacidade - Micau\" \/>\n<meta property=\"og:description\" content=\"Pol\u00edtica de privacidade O compromisso da Micau, S.A. com a prote\u00e7\u00e3o da privacidade\u00a0 A presente Pol\u00edtica serve para refletir a preocupa\u00e7\u00e3o da Micau, S.A. em proteger e garantir aos nossos clientes a correta utiliza\u00e7\u00e3o dos dados pessoais fornecidos, agindo de acordo com a legisla\u00e7\u00e3o e regulamenta\u00e7\u00e3o aplic\u00e1vel, nomeadamente o Regulamento (UE) 2016\/679 \u2013 Regulamento Geral [&hellip;]\" \/>\n<meta property=\"og:url\" content=\"https:\/\/micau.pt\/pt-pt\/politica-de-privacidade-2\/\" \/>\n<meta property=\"og:site_name\" content=\"Micau\" \/>\n<meta property=\"article:publisher\" content=\"https:\/\/www.facebook.com\/people\/Micau\/100063608599130\/\" \/>\n<meta property=\"article:modified_time\" content=\"2023-08-28T18:50:11+00:00\" \/>\n<meta property=\"og:image\" content=\"https:\/\/micau.pt\/wp-content\/uploads\/2020\/05\/home-banner-style-1.png\" \/>\n<meta name=\"twitter:card\" content=\"summary_large_image\" \/>\n<meta name=\"twitter:label1\" content=\"Tempo estimado de leitura\" \/>\n\t<meta name=\"twitter:data1\" content=\"2 minutos\" \/>\n<script type=\"application\/ld+json\" class=\"yoast-schema-graph\">{\"@context\":\"https:\/\/schema.org\",\"@graph\":[{\"@type\":\"WebPage\",\"@id\":\"https:\/\/micau.pt\/pt-pt\/politica-de-privacidade-2\/\",\"url\":\"https:\/\/micau.pt\/pt-pt\/politica-de-privacidade-2\/\",\"name\":\"Pol\u00edtica de Privacidade - Micau\",\"isPartOf\":{\"@id\":\"https:\/\/micau.pt\/pt-pt\/#website\"},\"datePublished\":\"2023-08-28T17:49:48+00:00\",\"dateModified\":\"2023-08-28T18:50:11+00:00\",\"breadcrumb\":{\"@id\":\"https:\/\/micau.pt\/pt-pt\/politica-de-privacidade-2\/#breadcrumb\"},\"inLanguage\":\"pt-PT\",\"potentialAction\":[{\"@type\":\"ReadAction\",\"target\":[\"https:\/\/micau.pt\/pt-pt\/politica-de-privacidade-2\/\"]}]},{\"@type\":\"BreadcrumbList\",\"@id\":\"https:\/\/micau.pt\/pt-pt\/politica-de-privacidade-2\/#breadcrumb\",\"itemListElement\":[{\"@type\":\"ListItem\",\"position\":1,\"name\":\"Home\",\"item\":\"https:\/\/micau.pt\/pt-pt\/\"},{\"@type\":\"ListItem\",\"position\":2,\"name\":\"Pol\u00edtica de Privacidade\"}]},{\"@type\":\"WebSite\",\"@id\":\"https:\/\/micau.pt\/pt-pt\/#website\",\"url\":\"https:\/\/micau.pt\/pt-pt\/\",\"name\":\"Micau\",\"description\":\"Somos uma empresa que, desde a sua funda\u00e7\u00e3o, em 1966, se dedica essencialmente ao fabrico de caramelo l\u00edquido e pr\u00e9-misturas para sobremesas.\",\"publisher\":{\"@id\":\"https:\/\/micau.pt\/pt-pt\/#organization\"},\"potentialAction\":[{\"@type\":\"SearchAction\",\"target\":{\"@type\":\"EntryPoint\",\"urlTemplate\":\"https:\/\/micau.pt\/pt-pt\/?s={search_term_string}\"},\"query-input\":\"required name=search_term_string\"}],\"inLanguage\":\"pt-PT\"},{\"@type\":\"Organization\",\"@id\":\"https:\/\/micau.pt\/pt-pt\/#organization\",\"name\":\"Micau\",\"url\":\"https:\/\/micau.pt\/pt-pt\/\",\"logo\":{\"@type\":\"ImageObject\",\"inLanguage\":\"pt-PT\",\"@id\":\"https:\/\/micau.pt\/pt-pt\/#\/schema\/logo\/image\/\",\"url\":\"https:\/\/micau.pt\/wp-content\/uploads\/2020\/04\/cropped-MicauFavicon-1.png\",\"contentUrl\":\"https:\/\/micau.pt\/wp-content\/uploads\/2020\/04\/cropped-MicauFavicon-1.png\",\"width\":512,\"height\":512,\"caption\":\"Micau\"},\"image\":{\"@id\":\"https:\/\/micau.pt\/pt-pt\/#\/schema\/logo\/image\/\"},\"sameAs\":[\"https:\/\/www.facebook.com\/people\/Micau\/100063608599130\/\"]}]}<\/script>\n<!-- \/ Yoast SEO plugin. -->","yoast_head_json":{"title":"Pol\u00edtica de Privacidade - Micau","robots":{"index":"index","follow":"follow","max-snippet":"max-snippet:-1","max-image-preview":"max-image-preview:large","max-video-preview":"max-video-preview:-1"},"canonical":"https:\/\/micau.pt\/pt-pt\/politica-de-privacidade-2\/","og_locale":"pt_PT","og_type":"article","og_title":"Pol\u00edtica de Privacidade - Micau","og_description":"Pol\u00edtica de privacidade O compromisso da Micau, S.A. com a prote\u00e7\u00e3o da privacidade\u00a0 A presente Pol\u00edtica serve para refletir a preocupa\u00e7\u00e3o da Micau, S.A. em proteger e garantir aos nossos clientes a correta utiliza\u00e7\u00e3o dos dados pessoais fornecidos, agindo de acordo com a legisla\u00e7\u00e3o e regulamenta\u00e7\u00e3o aplic\u00e1vel, nomeadamente o Regulamento (UE) 2016\/679 \u2013 Regulamento Geral [&hellip;]","og_url":"https:\/\/micau.pt\/pt-pt\/politica-de-privacidade-2\/","og_site_name":"Micau","article_publisher":"https:\/\/www.facebook.com\/people\/Micau\/100063608599130\/","article_modified_time":"2023-08-28T18:50:11+00:00","og_image":[{"url":"https:\/\/micau.pt\/wp-content\/uploads\/2020\/05\/home-banner-style-1.png"}],"twitter_card":"summary_large_image","twitter_misc":{"Tempo estimado de leitura":"2 minutos"},"schema":{"@context":"https:\/\/schema.org","@graph":[{"@type":"WebPage","@id":"https:\/\/micau.pt\/pt-pt\/politica-de-privacidade-2\/","url":"https:\/\/micau.pt\/pt-pt\/politica-de-privacidade-2\/","name":"Pol\u00edtica de Privacidade - Micau","isPartOf":{"@id":"https:\/\/micau.pt\/pt-pt\/#website"},"datePublished":"2023-08-28T17:49:48+00:00","dateModified":"2023-08-28T18:50:11+00:00","breadcrumb":{"@id":"https:\/\/micau.pt\/pt-pt\/politica-de-privacidade-2\/#breadcrumb"},"inLanguage":"pt-PT","potentialAction":[{"@type":"ReadAction","target":["https:\/\/micau.pt\/pt-pt\/politica-de-privacidade-2\/"]}]},{"@type":"BreadcrumbList","@id":"https:\/\/micau.pt\/pt-pt\/politica-de-privacidade-2\/#breadcrumb","itemListElement":[{"@type":"ListItem","position":1,"name":"Home","item":"https:\/\/micau.pt\/pt-pt\/"},{"@type":"ListItem","position":2,"name":"Pol\u00edtica de Privacidade"}]},{"@type":"WebSite","@id":"https:\/\/micau.pt\/pt-pt\/#website","url":"https:\/\/micau.pt\/pt-pt\/","name":"Micau","description":"Somos uma empresa que, desde a sua funda\u00e7\u00e3o, em 1966, se dedica essencialmente ao fabrico de caramelo l\u00edquido e pr\u00e9-misturas para sobremesas.","publisher":{"@id":"https:\/\/micau.pt\/pt-pt\/#organization"},"potentialAction":[{"@type":"SearchAction","target":{"@type":"EntryPoint","urlTemplate":"https:\/\/micau.pt\/pt-pt\/?s={search_term_string}"},"query-input":"required name=search_term_string"}],"inLanguage":"pt-PT"},{"@type":"Organization","@id":"https:\/\/micau.pt\/pt-pt\/#organization","name":"Micau","url":"https:\/\/micau.pt\/pt-pt\/","logo":{"@type":"ImageObject","inLanguage":"pt-PT","@id":"https:\/\/micau.pt\/pt-pt\/#\/schema\/logo\/image\/","url":"https:\/\/micau.pt\/wp-content\/uploads\/2020\/04\/cropped-MicauFavicon-1.png","contentUrl":"https:\/\/micau.pt\/wp-content\/uploads\/2020\/04\/cropped-MicauFavicon-1.png","width":512,"height":512,"caption":"Micau"},"image":{"@id":"https:\/\/micau.pt\/pt-pt\/#\/schema\/logo\/image\/"},"sameAs":["https:\/\/www.facebook.com\/people\/Micau\/100063608599130\/"]}]}},"_links":{"self":[{"href":"https:\/\/micau.pt\/pt-pt\/wp-json\/wp\/v2\/pages\/10315","targetHints":{"allow":["GET"]}}],"collection":[{"href":"https:\/\/micau.pt\/pt-pt\/wp-json\/wp\/v2\/pages"}],"about":[{"href":"https:\/\/micau.pt\/pt-pt\/wp-json\/wp\/v2\/types\/page"}],"author":[{"embeddable":true,"href":"https:\/\/micau.pt\/pt-pt\/wp-json\/wp\/v2\/users\/4"}],"replies":[{"embeddable":true,"href":"https:\/\/micau.pt\/pt-pt\/wp-json\/wp\/v2\/comments?post=10315"}],"version-history":[{"count":22,"href":"https:\/\/micau.pt\/pt-pt\/wp-json\/wp\/v2\/pages\/10315\/revisions"}],"predecessor-version":[{"id":10379,"href":"https:\/\/micau.pt\/pt-pt\/wp-json\/wp\/v2\/pages\/10315\/revisions\/10379"}],"wp:attachment":[{"href":"https:\/\/micau.pt\/pt-pt\/wp-json\/wp\/v2\/media?parent=10315"}],"curies":[{"name":"wp","href":"https:\/\/api.w.org\/{rel}","templated":true}]}}